{"id":387,"date":"2023-02-09T09:03:57","date_gmt":"2023-02-09T08:03:57","guid":{"rendered":"https:\/\/belmont-veterinaire.ch\/?page_id=387"},"modified":"2025-05-23T10:43:31","modified_gmt":"2025-05-23T09:43:31","slug":"catherine-guerry-jordan","status":"publish","type":"page","link":"https:\/\/belmont-veterinaire.ch\/?page_id=387","title":{"rendered":"Catherine Guerry Jordan"},"content":{"rendered":"<div id=\"pl-gb387-6a9673ef0cfd4\"  class=\"panel-layout wp-block-siteorigin-panels-layout-block\" ><div id=\"pg-gb387-6a9673ef0cfd4-0\"  class=\"panel-grid panel-no-style\" ><div id=\"pgc-gb387-6a9673ef0cfd4-0-0\"  class=\"panel-grid-cell\" ><div id=\"panel-gb387-6a9673ef0cfd4-0-0-0\" class=\"so-panel widget widget_sow-image panel-first-child\" data-index=\"0\" ><div class=\"so-widget-sow-image so-widget-sow-image-default-d6014b76747a-387\">\n\n<div class=\"sow-image-container\">\n\t\t<img decoding=\"async\" src=\"https:\/\/belmont-veterinaire.ch\/wp-content\/uploads\/2023\/09\/montagneCG.jpg\" width=\"421\" height=\"588\" srcset=\"https:\/\/belmont-veterinaire.ch\/wp-content\/uploads\/2023\/09\/montagneCG.jpg 421w, https:\/\/belmont-veterinaire.ch\/wp-content\/uploads\/2023\/09\/montagneCG-215x300.jpg 215w\" sizes=\"auto, (max-width: 421px) 100vw, 421px\" alt=\"\" loading=\"lazy\" \t\tclass=\"so-widget-image\"\/>\n\t<\/div>\n\n<\/div><\/div><div id=\"panel-gb387-6a9673ef0cfd4-0-0-1\" class=\"so-panel widget widget_sow-image\" data-index=\"1\" ><div class=\"so-widget-sow-image so-widget-sow-image-default-d6014b76747a-387\">\n\n<div class=\"sow-image-container\">\n\t\t<img decoding=\"async\" src=\"https:\/\/belmont-veterinaire.ch\/wp-content\/uploads\/2023\/09\/poneyCG.jpg\" width=\"539\" height=\"807\" srcset=\"https:\/\/belmont-veterinaire.ch\/wp-content\/uploads\/2023\/09\/poneyCG.jpg 539w, https:\/\/belmont-veterinaire.ch\/wp-content\/uploads\/2023\/09\/poneyCG-200x300.jpg 200w\" sizes=\"auto, (max-width: 539px) 100vw, 539px\" alt=\"\" loading=\"lazy\" \t\tclass=\"so-widget-image\"\/>\n\t<\/div>\n\n<\/div><\/div><div id=\"panel-gb387-6a9673ef0cfd4-0-0-2\" class=\"so-panel widget widget_sow-image panel-last-child\" data-index=\"2\" ><div class=\"so-widget-sow-image so-widget-sow-image-default-d6014b76747a-387\">\n\n<div class=\"sow-image-container\">\n\t\t<img decoding=\"async\" src=\"https:\/\/belmont-veterinaire.ch\/wp-content\/uploads\/2025\/05\/IMG-20250407-WA0013.jpg\" width=\"1200\" height=\"1600\" srcset=\"https:\/\/belmont-veterinaire.ch\/wp-content\/uploads\/2025\/05\/IMG-20250407-WA0013.jpg 1200w, https:\/\/belmont-veterinaire.ch\/wp-content\/uploads\/2025\/05\/IMG-20250407-WA0013-225x300.jpg 225w, https:\/\/belmont-veterinaire.ch\/wp-content\/uploads\/2025\/05\/IMG-20250407-WA0013-768x1024.jpg 768w, https:\/\/belmont-veterinaire.ch\/wp-content\/uploads\/2025\/05\/IMG-20250407-WA0013-1152x1536.jpg 1152w\" sizes=\"auto, (max-width: 1200px) 100vw, 1200px\" alt=\"\" loading=\"lazy\" \t\tclass=\"so-widget-image\"\/>\n\t<\/div>\n\n<\/div><\/div><\/div><div id=\"pgc-gb387-6a9673ef0cfd4-0-1\"  class=\"panel-grid-cell\" ><div id=\"panel-gb387-6a9673ef0cfd4-0-1-0\" class=\"so-panel widget widget_sow-editor panel-first-child\" data-index=\"3\" ><div class=\"curriculum panel-widget-style panel-widget-style-for-gb387-6a9673ef0cfd4-0-1-0\" ><div class=\"so-widget-sow-editor so-widget-sow-editor-base\">\n<div class=\"siteorigin-widget-tinymce textwidget\">\n\t<h2>Pr\u00e9sentation<\/h2>\n<p>\u00ab\u00a0Depuis ma tendre enfance, la nature au sens large et le monde animal particuli\u00e8rement occupent une place tr\u00e8s importante dans ma vie. J\u2019aime vivre au rythme du soleil, de la lune et, finalement, des saisons. Dans mon m\u00e9tier, il me tient \u00e0 c\u0153ur d\u2019exercer une m\u00e9decine holistique, en observant l\u2019animal dans sa globalit\u00e9 (niveau tant physique, \u00e9motionnel, mental que spirituel).<\/p>\n<p>Forte de cette certitude, laquelle m\u2019accompagne sans faiblir tout au long de mon chemin de vie, je n\u2019ai de cesse de parfaire mes connaissances dans ces diff\u00e9rentes voies, tout en veillant \u00e0 ne pas fermer ma porte\u00a0: m\u00e9decine v\u00e9t\u00e9rinaire, m\u00e9decine comportementale, communication animale et \u00e9nerg\u00e9tique.<\/p>\n<p>A ces formations s\u2019ajoute un r\u00e9el int\u00e9r\u00eat pour les th\u00e9rapies alternatives telles que l\u2019ost\u00e9opathie, l\u2019acuponcture, la phytoth\u00e9rapie, l\u2019aromath\u00e9rapie, l\u2019hom\u00e9opathie. Elles constituent en effet des outils fabuleux permettant de compl\u00e9ter admirablement la m\u00e9decine conventionnelle. Lors de mes \u00e9tudes au coll\u00e8ge, j\u2019ai d\u00e9couvert Hippocrate et ses nombreux enseignements, toujours d\u2019actualit\u00e9\u00a0! Deux citations m\u2019ont particuli\u00e8rement marqu\u00e9e et je souhaite les partager ici\u00a0: \u00ab\u00a0<em>primum non nocere<\/em> \u00bb (en premier lieu ne pas nuire), et \u00ab\u00a0<em>que la nourriture soit ta premi\u00e8re m\u00e9decine<\/em>\u00a0\u00bb. Cette seconde citation fait \u00e9cho en moi. L\u2019alimentation de nos animaux \u00e9tant un sujet qui me pr\u00e9occupe, je garde un esprit tr\u00e8s critique envers l\u2019alimentation industrielle.<\/p>\n<p>Finalement, la Nature n\u2019est-elle pas bien faite\u00a0? N\u2019a-t-elle pas d\u00e9j\u00e0 pr\u00e9vu presque tout le n\u00e9cessaire pour nous soigner\u00a0? Ne pourrions-nous pas nous en inspirer, en travaillant avec le corps mais \u00e9galement l\u2019esprit\u00a0?\u00a0\u00bb<\/p>\n<\/div>\n<\/div><\/div><\/div><div id=\"panel-gb387-6a9673ef0cfd4-0-1-1\" class=\"so-panel widget widget_sow-editor\" data-index=\"4\" ><div class=\"curriculum panel-widget-style panel-widget-style-for-gb387-6a9673ef0cfd4-0-1-1\" ><div class=\"so-widget-sow-editor so-widget-sow-editor-base\">\n<div class=\"siteorigin-widget-tinymce textwidget\">\n\t<h2>Curriculum<\/h2>\n<label class=\"dateLabel\">2005<\/label>\n<div class=\"inlineBlock\">Obtention du dipl\u00f4me de m\u00e9decin v\u00e9t\u00e9rinaire \u00e0 l\u2019universit\u00e9 de Berne<\/div><br \/>\n<label class=\"dateLabel\">2006 &#8211; 2012<\/label>\n<div class=\"inlineBlock\">V\u00e9t\u00e9rinaire assistante au Centre V\u00e9t\u00e9rinaire Agy \u00e0 Granges-Paccot<\/div><br \/>\n<label class=\"dateLabel\">2009 &#8211; 2011<\/label>\n<div class=\"inlineBlock\">Programme de sp\u00e9cialisation en m\u00e9decine comportementale aupr\u00e8s de l\u2019Association V\u00e9t\u00e9rinaire Suisse pour la M\u00e9decine Comportementale (STVV)<\/div><br \/>\n<label class=\"dateLabel\">2011<\/label>\n<div class=\"inlineBlock\">Obtention du CC de m\u00e9decine comportementale SVS<\/div><br \/>\n<label class=\"dateLabel\">2014<\/label>\n<div class=\"inlineBlock\">Formation de praticien animalier en EMDR<\/div><br \/>\n<label class=\"dateLabel\">2023<\/label>\n<div class=\"inlineBlock\">Magn\u00e9tisme animalier, Centre Holo\u00efde, Fribourg<\/div><br \/>\n<label class=\"dateLabel\">2023<\/label>\n<div class=\"inlineBlock\">Fr\u00e9quence, Ecole Suisse de m\u00e9diumnit\u00e9, Neuch\u00e2tel<\/div><\/div>\n<\/div><\/div><\/div><div id=\"panel-gb387-6a9673ef0cfd4-0-1-2\" class=\"so-panel widget widget_sow-editor\" data-index=\"5\" ><div class=\"curriculum panel-widget-style panel-widget-style-for-gb387-6a9673ef0cfd4-0-1-2\" ><div class=\"so-widget-sow-editor so-widget-sow-editor-base\">\n<div class=\"siteorigin-widget-tinymce textwidget\">\n\t<h2>Formation continue<\/h2>\n<label class=\"dateLabel\">2016<\/label>\n<div class=\"inlineBlock\">Journ\u00e9es Suisses des v\u00e9t\u00e9rinaires (divers th\u00e8mes), Lausanne<br \/>\nLib\u00e9ration de la douleur<\/div><br \/>\n&nbsp;\n\n<label class=\"dateLabel\">2017<\/label>\n<div class=\"inlineBlock\">Reproduction chez les animaux de compagnie<br \/>\nJourn\u00e9es Suisses des v\u00e9t\u00e9rinaires (divers th\u00e8mes), Fribourg<br \/>\nComment am\u00e9liorer l\u2019anesth\u00e9sie en pratique\u00a0?<br \/>\nAvanc\u00e9es actuelles en dermatologie<\/div><br \/>\n&nbsp;\n\n<label class=\"dateLabel\">2018<\/label>\n<div class=\"inlineBlock\">S\u00e9minaire de cardiologie, de l\u2019anamn\u00e8se \u00e0 la th\u00e9rapie<br \/>\nMinimalinvasive Kastrationstechnik bei der H\u00fcndin<br \/>\nEndocrinologie chez le chien et le chat\u00a0: m\u00e9thodes \u00e9prouv\u00e9es et nouveaut\u00e9s<\/div><br \/>\n&nbsp;\n\n<label class=\"dateLabel\">2019<\/label>\n<div class=\"inlineBlock\">Les poules, en tant que patients dans les cabinets v\u00e9t\u00e9rinaires.<br \/>\nL\u2019hypertension art\u00e9rielle en pratique<br \/>\nGastroent\u00e9rologie chez le chien et le chat<br \/>\nGestion des d\u00e9chets en m\u00e9decine v\u00e9t\u00e9rinaire, Wizzvet<\/div><br \/>\n&nbsp;\n\n<label class=\"dateLabel\">2020<\/label>\n<div class=\"inlineBlock\">Explorer l\u2019\u00e9thique animale. Enjeux pass\u00e9s, pr\u00e9sents et futurs<\/div><br \/>\n&nbsp;\n\n<label class=\"dateLabel\">2021<\/label>\n<div class=\"inlineBlock\">Journ\u00e9es Suisses des v\u00e9t\u00e9rinaires (divers th\u00e8mes), online<br \/>\nL\u00e9sions corn\u00e9ennes, Medi-vet<br \/>\nGingivo-stomatites chronique f\u00e9line, Medi-vet<br \/>\nDiagnostique de l\u2019otite externe, Medi-vet<br \/>\nLahmheit der Vordergliedmasse, Vet-Webinar<br \/>\nGlaucome chez le chien, webikeo<br \/>\nUrgences oculaires en pratique, Webikeo<br \/>\nLahmheit der Hintergliedmasse, Vet-Webinar<br \/>\nFormation continue en radioprotection, SVS<br \/>\nLa colline aux lapins, La consultation du lapin<br \/>\nLa colline aux lapins, Le lapin pr\u00e9-op\u00e9ratoire<br \/>\nLa colline aux lapins, Pathologies dentaires<br \/>\nLa colline aux lapins, Cas cliniques<\/div><br \/>\n&nbsp;\n\n<label class=\"dateLabel\">2022<\/label>\n<div class=\"inlineBlock\">Journ\u00e9e vaches allaitantes 2022, Les th\u00e9rapies naturelles<br \/>\nInternistik Webinarreihe Modul 3, blasse Schleimha\u00fcte<br \/>\nInternistik Webinarreihe Modul 3, ikterische Schleimha\u00fcte<br \/>\nInternistik Webinarreihe Modul 3, Husten und H\u00e4moptysis<br \/>\nInternistik Webinarreihe Modul 3, Dyspnoe<br \/>\nInternistik Webinarreihe Modul 4, Hepato-und Splenomegalie<br \/>\nInternistik Webinarreihe Modul 4, Lymphadenomegalie<br \/>\nInternistik Webinarreihe Modul 4, Hypo- und Hyperthermie<br \/>\nInternistik Webinarreihe Modul 4,\u00a0\u00d6deme<br \/>\nVetsuisse-Nutztierabend 2022<br \/>\nInternistik Webinarreihe Modul 1, rattrapage, Durchfall<br \/>\nInternistik Webinarreihe Modul 1, rattrapage, Erbrechen und Regurgitieren<br \/>\nInternistik Webinarreihe Modul 1, rattrapage, An\u00e4mie<br \/>\nInternistik Webinarreihe Modul 1, rattrapage, Gerinnungsst\u00f6rungen<br \/>\nBovinella Klauenerkrankungen 2022<br \/>\nInternistik Webinarreihe Modul 2, rattrapage, Polyurie\/Polydipsie<br \/>\nInternistik Webinarreihe Modul 2, rattrapage, Harnabsatzbeschwerden<br \/>\nInternistik Webinarreihe Modul 2, rattrapage, Abdomenvergr\u00f6sserung<br \/>\nInternistik Webinarreihe Modul 2, rattrapage, Akutes Abdomen<br \/>\nStage de d\u00e9veloppement de capacit\u00e9s extra-sensorielles, Laila Del Monte<br \/>\nStage de communication animale, introduction, Laila Del Monte<br \/>\nStage de communication animale, Masterclass 1, Laila Del Monte<br \/>\nUtilisation des plantes m\u00e9dicinales et des HE en \u00e9levage, Grangeneuve<br \/>\nStage de communication animale, Masterclass 2, Laila Del Monte<\/div><br \/>\n&nbsp;\n\n<label class=\"dateLabel\">2023<\/label>\n<div class=\"inlineBlock\">Magn\u00e9tisme, \u00e9nerg\u00e9ticien animalier, Centre Holo\u00efde Fribourg<br \/>\nStage de m\u00e9diumnit\u00e9, 3 week-ends, C. Cantin<br \/>\nMicronutrition SSM-SGM<br \/>\nJourn\u00e9es Suisses des v\u00e9t\u00e9rinaires (divers th\u00e8mes), Fribourg\n<\/div>\n&nbsp;<\/div>\n<\/div><\/div><\/div><div id=\"panel-gb387-6a9673ef0cfd4-0-1-3\" class=\"so-panel widget widget_sow-editor\" data-index=\"6\" ><div class=\"curriculum panel-widget-style panel-widget-style-for-gb387-6a9673ef0cfd4-0-1-3\" ><div class=\"so-widget-sow-editor so-widget-sow-editor-base\">\n<div class=\"siteorigin-widget-tinymce textwidget\">\n\t<h2>Membre de<\/h2>\n<p>Soci\u00e9t\u00e9 des V\u00e9t\u00e9rinaires Suisses<br \/>\nAssociation Suisse de M\u00e9decine des Petits Animaux<br \/>\nAssociation V\u00e9t\u00e9rinaire Suisse pour la M\u00e9decine Comportementale<br \/>\nSoci\u00e9t\u00e9 des V\u00e9t\u00e9rinaires Fribourgeois<\/p>\n<\/div>\n<\/div><\/div><\/div><div id=\"panel-gb387-6a9673ef0cfd4-0-1-4\" class=\"so-panel widget widget_sow-editor\" data-index=\"7\" ><div class=\"curriculum panel-widget-style panel-widget-style-for-gb387-6a9673ef0cfd4-0-1-4\" ><div class=\"so-widget-sow-editor so-widget-sow-editor-base\">\n<div class=\"siteorigin-widget-tinymce textwidget\">\n\t<h2>Autres<\/h2>\n<p>Maman de 2 gar\u00e7ons.<br \/>\nAnimaux\u00a0: \u00ab\u00a0Elco\u00a0\u00bb, Parson Terrier, toujours partant pour une balade\u00a0; Com\u00e8te, ponette Shetland, mon \u00e9toile filante \u00e0 l\u2019attelage<br \/>\nG\u00e9rante du Syndicat Chevalin de la Broye, 2010-2022.<br \/>\nCFC d\u2019agricultrice, 2020-2022<\/p>\n<\/div>\n<\/div><\/div><\/div><div id=\"panel-gb387-6a9673ef0cfd4-0-1-5\" class=\"so-panel widget widget_sow-editor\" data-index=\"8\" ><div class=\"curriculum panel-widget-style panel-widget-style-for-gb387-6a9673ef0cfd4-0-1-5\" ><div class=\"so-widget-sow-editor so-widget-sow-editor-base\">\n<div class=\"siteorigin-widget-tinymce textwidget\">\n\t<h2>Membre de<\/h2>\n<p>Soci\u00e9t\u00e9 Fribourgeoise d\u2019Attelage<br \/>\nSyndicat Chevalin de la Broye<br \/>\nF\u00e9d\u00e9ration Suisse des Sports Equestres<br \/>\nErminea<\/p>\n<\/div>\n<\/div><\/div><\/div><div id=\"panel-gb387-6a9673ef0cfd4-0-1-6\" class=\"so-panel widget widget_sow-editor panel-last-child\" data-index=\"9\" ><div class=\"curriculum panel-widget-style panel-widget-style-for-gb387-6a9673ef0cfd4-0-1-6\" ><div class=\"so-widget-sow-editor so-widget-sow-editor-base\">\n<div class=\"siteorigin-widget-tinymce textwidget\">\n\t<h2>Loisirs<\/h2>\n<p>Marche, yoga, attelage et \u00e9quitation, jardinage, cueillette de plantes sauvages, lecture.<\/p>\n<\/div>\n<\/div><\/div><\/div><\/div><\/div><\/div>\n\n\n<p><\/p>\n","protected":false},"excerpt":{"rendered":"<p>Pr\u00e9sentation \u00ab\u00a0Depuis ma tendre enfance, la nature au sens large et le monde animal particuli\u00e8rement occupent une place tr\u00e8s importante dans ma vie. J\u2019aime vivre au rythme du soleil, de la lune et, finalement, des saisons. Dans mon m\u00e9tier, il me tient \u00e0 c\u0153ur d\u2019exercer une m\u00e9decine holistique, en observant l\u2019animal dans sa globalit\u00e9 (niveau [&hellip;]<\/p>\n<br\/><br\/><a class=\"readmore-button\" href=\"https:\/\/belmont-veterinaire.ch\/?page_id=387\"> Read More<\/a>","protected":false},"author":1,"featured_media":0,"parent":11,"menu_order":0,"comment_status":"closed","ping_status":"closed","template":"","meta":{"footnotes":""},"class_list":["post-387","page","type-page","status-publish","hentry"],"_links":{"self":[{"href":"https:\/\/belmont-veterinaire.ch\/index.php?rest_route=\/wp\/v2\/pages\/387","targetHints":{"allow":["GET"]}}],"collection":[{"href":"https:\/\/belmont-veterinaire.ch\/index.php?rest_route=\/wp\/v2\/pages"}],"about":[{"href":"https:\/\/belmont-veterinaire.ch\/index.php?rest_route=\/wp\/v2\/types\/page"}],"author":[{"embeddable":true,"href":"https:\/\/belmont-veterinaire.ch\/index.php?rest_route=\/wp\/v2\/users\/1"}],"replies":[{"embeddable":true,"href":"https:\/\/belmont-veterinaire.ch\/index.php?rest_route=%2Fwp%2Fv2%2Fcomments&post=387"}],"version-history":[{"count":16,"href":"https:\/\/belmont-veterinaire.ch\/index.php?rest_route=\/wp\/v2\/pages\/387\/revisions"}],"predecessor-version":[{"id":693,"href":"https:\/\/belmont-veterinaire.ch\/index.php?rest_route=\/wp\/v2\/pages\/387\/revisions\/693"}],"up":[{"embeddable":true,"href":"https:\/\/belmont-veterinaire.ch\/index.php?rest_route=\/wp\/v2\/pages\/11"}],"wp:attachment":[{"href":"https:\/\/belmont-veterinaire.ch\/index.php?rest_route=%2Fwp%2Fv2%2Fmedia&parent=387"}],"curies":[{"name":"wp","href":"https:\/\/api.w.org\/{rel}","templated":true}]}}