{"id":391,"date":"2023-02-09T09:05:15","date_gmt":"2023-02-09T08:05:15","guid":{"rendered":"https:\/\/belmont-veterinaire.ch\/?page_id=391"},"modified":"2023-02-14T09:40:53","modified_gmt":"2023-02-14T08:40:53","slug":"maylie-maurer","status":"publish","type":"page","link":"https:\/\/belmont-veterinaire.ch\/?page_id=391","title":{"rendered":"Maylie Maurer"},"content":{"rendered":"<div id=\"pl-gb391-6a96736c7e715\"  class=\"panel-layout\" ><div id=\"pg-gb391-6a96736c7e715-0\"  class=\"panel-grid panel-no-style\" ><div id=\"pgc-gb391-6a96736c7e715-0-0\"  class=\"panel-grid-cell\" ><div id=\"panel-gb391-6a96736c7e715-0-0-0\" class=\"so-panel widget widget_sow-image panel-first-child panel-last-child\" data-index=\"0\" ><div class=\"so-widget-sow-image so-widget-sow-image-default-d6014b76747a-391\">\n\n<div class=\"sow-image-container\">\n\t\t<img decoding=\"async\" src=\"https:\/\/belmont-veterinaire.ch\/wp-content\/uploads\/2023\/02\/PhotoMZpourpresentation.jpg\" width=\"1080\" height=\"810\" srcset=\"https:\/\/belmont-veterinaire.ch\/wp-content\/uploads\/2023\/02\/PhotoMZpourpresentation.jpg 1080w, https:\/\/belmont-veterinaire.ch\/wp-content\/uploads\/2023\/02\/PhotoMZpourpresentation-300x225.jpg 300w, https:\/\/belmont-veterinaire.ch\/wp-content\/uploads\/2023\/02\/PhotoMZpourpresentation-1024x768.jpg 1024w, https:\/\/belmont-veterinaire.ch\/wp-content\/uploads\/2023\/02\/PhotoMZpourpresentation-768x576.jpg 768w\" sizes=\"auto, (max-width: 1080px) 100vw, 1080px\" title=\"PhotoMZpourpr\u00e9sentation\" alt=\"\" loading=\"lazy\" \t\tclass=\"so-widget-image\"\/>\n\t<\/div>\n\n<\/div><\/div><\/div><div id=\"pgc-gb391-6a96736c7e715-0-1\"  class=\"panel-grid-cell\" ><div id=\"panel-gb391-6a96736c7e715-0-1-0\" class=\"so-panel widget widget_sow-editor panel-first-child\" data-index=\"1\" ><div class=\"curriculum panel-widget-style panel-widget-style-for-gb391-6a96736c7e715-0-1-0\" ><div class=\"so-widget-sow-editor so-widget-sow-editor-base\">\n<div class=\"siteorigin-widget-tinymce textwidget\">\n\t<h2>Pr\u00e9sentation<\/h2>\n<p>Etant une fille de la terre, pour moi \u00eatre dans la nature, \u00e0 la recherche de nouvelles sensations, de nouvelles \u00e9motions et d\u2019\u00e9merveillement devant la nature, est primordial, je passe le plus clair de mon temps en ext\u00e9rieur, que \u00e7a soit en randonn\u00e9e, \u00e0 cheval, ou en road trip avec mon van WV T4 am\u00e9nag\u00e9.<\/p>\n<p>Quand je voyage, je passe beaucoup de temps \u00e0 observer et \u00e0 photographier des paysages, des animaux, cela me permet de cr\u00e9er un lien avec ce qui m\u2019entoure. <\/p>\n<p>Depuis mon jeune \u00e2ge, j\u2019ai toujours dit \u00e0 mes parents que je voulais travailler avec les animaux. Au d\u00e9but, je partais marcher en for\u00eat avec mon papa \u00e0 la recherche de traces, d\u2019indice qu\u2019un \u00eatre vivant \u00e9tait pass\u00e9 par l\u00e0, puis \u00e0 les photographier. Quand j\u2019ai eu l\u2019\u00e2ge de commencer un apprentissage, ma voie \u00e9tait \u00e9crite, je voulais travailler avec les animaux et les aider.<\/p>\n<p>En dehors du travail, je suis toujours pr\u00eate \u00e0 aller aider \u00e0 la ferme chez ma belle-famille. Pour moi avoir un contact avec n\u2019importe quelle esp\u00e8ce d\u2019animal est apaisant. J\u2019ai \u00e9galement la chance d\u2019avoir en demi-pension une superbe jument Franche-Montagne avec qui je fais des magnifiques balades. <\/p>\n<p>Lier les animaux et la nature, on ne peut rien demander de mieux\u00a0!<\/p>\n<\/div>\n<\/div><\/div><\/div><div id=\"panel-gb391-6a96736c7e715-0-1-1\" class=\"so-panel widget widget_sow-editor panel-last-child\" data-index=\"2\" ><div class=\"curriculum panel-widget-style panel-widget-style-for-gb391-6a96736c7e715-0-1-1\" ><div class=\"so-widget-sow-editor so-widget-sow-editor-base\">\n<div class=\"siteorigin-widget-tinymce textwidget\">\n\t<h2>Curriculum<\/h2>\n<label class=\"dateLabel\">2022-23<\/label>\n<div class=\"inlineBlock\">Formation postgrade en anesth\u00e9sie VASTA par l\u2019Ecole d\u2019anesth\u00e9sie v\u00e9t\u00e9rinaire<\/div>\n<br \/>\n<label class=\"dateLabel\">2021<\/label>\n<div class=\"inlineBlock\">Journ\u00e9e romande de formation des AMV \u00ab\u00a0Nouveaux animaux de compagnie et leur\nanesth\u00e9sie\u00a0\u00bb<\/div>\n<br \/>\n<label class=\"dateLabel\">2019<\/label>\n<div class=\"inlineBlock\">Workshop Royal Canin \u00ab\u00a0Dermatologie\u00a0\u00bb<br \/>\nJourn\u00e9e romande de formation des AMV \u00ab\u00a0 Autour de la n\u00e9onatalogie du chat et du chien\u00a0\u00bb\n<\/div>\n<br \/>\n<label class=\"dateLabel\">2017<\/label>\n<div class=\"inlineBlock\">Journ\u00e9e romande de formation des AMV \u00ab\u00a0Dentisterie et anesth\u00e9siologie\u00a0\u00bb<br \/>\nWorkshop Royal Canin \u00ab\u00a0Surpoids\u00a0\u00bb<br \/>\nWorkshop Royal Canin \u00ab\u00a0Gastrointestinal\u00a0\u00bb<br \/>\nWorkshop Royal Canin \u00ab\u00a0 G\u00e9riatrie\u00a0\u00bb<\/div>\n<br \/>\n<label class=\"dateLabel\">2016<\/label>\n<div class=\"inlineBlock\">D\u00e9but du travail au Cabinet v\u00e9t\u00e9rinaire C.Guerry Jordan<br \/>\nStage \u00e0 la ferme 12 jours, fille au paire \u00e0 Seeberg BE<br \/>\nRemplacement de 3 mois \u00e0 Kleintierpraxis im Moos Ins BE\n<\/div>\n<br \/>\n<label class=\"dateLabel\">2014<\/label>\n<div class=\"inlineBlock\">Stage 1 semaine v\u00e9t\u00e9rinaire b\u00e9tail \u00e0 B\u00fcrglen UR<br \/>\nCongr\u00e8s AFVAC Paris<\/div>\n<br \/>\n<label class=\"dateLabel\">2013<\/label>\n<div class=\"inlineBlock\">Journ\u00e9e romande de formation des AMV \u00ab\u00a0Nouveaux Animaux de Compagnie\u00a0\u00bb<br \/>\nCongr\u00e8s AFVAC Nantes<\/div>\n<br \/>\n<label class=\"dateLabel\">2012<\/label>\n<div class=\"inlineBlock\">Congr\u00e8s AFVAC Paris<\/div>\n<br \/>\n<label class=\"dateLabel\">2012-2015<\/label>\n<div class=\"inlineBlock\">Apprentissage assistante en m\u00e9decine v\u00e9t\u00e9rinaire chez Dr Von Allmen Amivet \u00e0\nNeuch\u00e2tel<\/div><\/div>\n<\/div><\/div><\/div><\/div><\/div><\/div>","protected":false},"excerpt":{"rendered":"<p>Pr\u00e9sentation Etant une fille de la terre, pour moi \u00eatre dans la nature, \u00e0 la recherche de nouvelles sensations, de nouvelles \u00e9motions et d\u2019\u00e9merveillement devant la nature, est primordial, je passe le plus clair de mon temps en ext\u00e9rieur, que \u00e7a soit en randonn\u00e9e, \u00e0 cheval, ou en road trip avec mon van WV T4 [&hellip;]<\/p>\n<br\/><br\/><a class=\"readmore-button\" href=\"https:\/\/belmont-veterinaire.ch\/?page_id=391\"> Read More<\/a>","protected":false},"author":1,"featured_media":0,"parent":11,"menu_order":0,"comment_status":"closed","ping_status":"closed","template":"","meta":{"footnotes":""},"class_list":["post-391","page","type-page","status-publish","hentry"],"_links":{"self":[{"href":"https:\/\/belmont-veterinaire.ch\/index.php?rest_route=\/wp\/v2\/pages\/391","targetHints":{"allow":["GET"]}}],"collection":[{"href":"https:\/\/belmont-veterinaire.ch\/index.php?rest_route=\/wp\/v2\/pages"}],"about":[{"href":"https:\/\/belmont-veterinaire.ch\/index.php?rest_route=\/wp\/v2\/types\/page"}],"author":[{"embeddable":true,"href":"https:\/\/belmont-veterinaire.ch\/index.php?rest_route=\/wp\/v2\/users\/1"}],"replies":[{"embeddable":true,"href":"https:\/\/belmont-veterinaire.ch\/index.php?rest_route=%2Fwp%2Fv2%2Fcomments&post=391"}],"version-history":[{"count":7,"href":"https:\/\/belmont-veterinaire.ch\/index.php?rest_route=\/wp\/v2\/pages\/391\/revisions"}],"predecessor-version":[{"id":550,"href":"https:\/\/belmont-veterinaire.ch\/index.php?rest_route=\/wp\/v2\/pages\/391\/revisions\/550"}],"up":[{"embeddable":true,"href":"https:\/\/belmont-veterinaire.ch\/index.php?rest_route=\/wp\/v2\/pages\/11"}],"wp:attachment":[{"href":"https:\/\/belmont-veterinaire.ch\/index.php?rest_route=%2Fwp%2Fv2%2Fmedia&parent=391"}],"curies":[{"name":"wp","href":"https:\/\/api.w.org\/{rel}","templated":true}]}}